{"id":14,"date":"2015-09-12T12:25:35","date_gmt":"2015-09-12T12:25:35","guid":{"rendered":"http:\/\/muszik.kisswebs.com\/?page_id=14"},"modified":"2025-03-09T22:17:07","modified_gmt":"2025-03-09T21:17:07","slug":"szolgaltatasok","status":"publish","type":"page","link":"https:\/\/www.muzsik.hu\/index.php\/szolgaltatasok\/","title":{"rendered":"Szolg\u00e1ltat\u00e1sok"},"content":{"rendered":"<div class=\"wpb-content-wrapper\"><p>[vc_row bg_parallax=&#8221;off&#8221; bg_slider=&#8221;off&#8221; bg_slider_size=&#8221;full&#8221;][vc_column width=&#8221;1\/3&#8243; css=&#8221;.vc_custom_1443629436586{border-right-width: 2px !important;border-right-color: #515151 !important;border-right-style: solid !important;}&#8221;]<div class=\"flip-container horizontal wpb_content_element\" ontouchstart=\"this.classList.toggle('hover');\" style=\"height:300px;\">\n\t\t\t\t\t<a class=\"flipper\" >\n\t\t\t\t\t\t<span class=\"front\" style=\"\">\n\t\t\t\t\t\t\t<i style=\"color:#222222\" class=\"oic-flaticon-scissors25\"><\/i>\n\t\t\t\t\t\t\t<h3 style=\"color:#222222\">Hajv\u00e1g\u00e1s<\/h3>\n\t\t\t\t\t\t\t\n\t\t\t\t\t\t<\/span>\n\t\t\t\t\t\t<span class=\"back\" style=\"background-color:#222222;\">\n\t\t\t\t\t\t\t<i style=\"color:#ffffff\" class=\"oic-flaticon-scissors25\"><\/i>\n\t\t\t\t\t\t\t<h3 style=\"color:#ffffff\">Hajv\u00e1g\u00e1s<\/h3>\n\t\t\t\t\t\t\t<p style=\"color:#ffffff\">\u00dczlet\u00fcnkben minden vend\u00e9g sz\u00e1m\u00e1ra egyedi, szem\u00e9lyre szabott frizur\u00e1t k\u00e9sz\u00edt\u00fcnk, legyen sz\u00f3 n\u0151i, f\u00e9rfi vagy gyermek hajv\u00e1g\u00e1sr\u00f3l. Fodr\u00e1szaink figyelembe veszik az arcform\u00e1t, a hajt\u00edpust \u00e9s az egy\u00e9ni ig\u00e9nyeket, hogy a v\u00e9geredm\u00e9ny divatos, k\u00f6nnyen kezelhet\u0151 \u00e9s tart\u00f3s legyen.<\/p>\n\t\t\t\t\t\t<\/span>\n\t\t\t\t\t<\/a>\n\t\t\t\t<\/div>[\/vc_column][vc_column width=&#8221;1\/3&#8243; css=&#8221;.vc_custom_1443629705297{border-right-width: 2px !important;border-right-color: #606060 !important;border-right-style: solid !important;}&#8221;]<div class=\"flip-container horizontal wpb_content_element\" ontouchstart=\"this.classList.toggle('hover');\" style=\"height:300px;\">\n\t\t\t\t\t<a class=\"flipper\" >\n\t\t\t\t\t\t<span class=\"front\" style=\"\">\n\t\t\t\t\t\t\t<i style=\"color:#222222\" class=\"oic-flaticon-brush13\"><\/i>\n\t\t\t\t\t\t\t<h3 style=\"color:#222222\">Hajfest\u00e9s<\/h3>\n\t\t\t\t\t\t\t\n\t\t\t\t\t\t<\/span>\n\t\t\t\t\t\t<span class=\"back\" style=\"background-color:#222222;\">\n\t\t\t\t\t\t\t<i style=\"color:#ffffff\" class=\"oic-flaticon-brush13\"><\/i>\n\t\t\t\t\t\t\t<h3 style=\"color:#ffffff\">Hajfest\u00e9s<\/h3>\n\t\t\t\t\t\t\t<p style=\"color:#ffffff\">Professzion\u00e1lis Demeral hajfest\u00e9kekkel dolgozunk, a legmodernebb technik\u00e1kat alkalmazva. Szem\u00e9lyre szabott sz\u00ednvil\u00e1got \u00e9s t\u00f6k\u00e9letes fed\u00e9st biztos\u00edtunk, legyen sz\u00f3 term\u00e9szetes \u00e1rnyalatokr\u00f3l vagy divatos balayage fest\u00e9sr\u0151l<\/p>\n\t\t\t\t\t\t<\/span>\n\t\t\t\t\t<\/a>\n\t\t\t\t<\/div>[\/vc_column][vc_column width=&#8221;1\/3&#8243;]<div class=\"flip-container horizontal wpb_content_element\" ontouchstart=\"this.classList.toggle('hover');\" style=\"height:300px;\">\n\t\t\t\t\t<a class=\"flipper\" >\n\t\t\t\t\t\t<span class=\"front\" style=\"\">\n\t\t\t\t\t\t\t<i style=\"color:#222222\" class=\"oic-flaticon-hair18\"><\/i>\n\t\t\t\t\t\t\t<h3 style=\"color:#222222\">Keratinos hajkezel\u00e9s, hajegyenes\u00edt\u00e9s<\/h3>\n\t\t\t\t\t\t\t\n\t\t\t\t\t\t<\/span>\n\t\t\t\t\t\t<span class=\"back\" style=\"background-color:#222222;\">\n\t\t\t\t\t\t\t<i style=\"color:#ffffff\" class=\"oic-flaticon-hair18\"><\/i>\n\t\t\t\t\t\t\t<h3 style=\"color:#ffffff\">Keratinos hajkezel\u00e9s, hajegyenes\u00edt\u00e9s<\/h3>\n\t\t\t\t\t\t\t<p style=\"color:#ffffff\">Pr\u00e9mium min\u0151s\u00e9g\u0171 True Keratin term\u00e9kekkel dolgozunk, amelyek t\u00e1pl\u00e1lj\u00e1k \u00e9s hosszantart\u00f3 simas\u00e1got biztos\u00edtanak a hajnak.<\/p>\n\t\t\t\t\t\t<\/span>\n\t\t\t\t\t<\/a>\n\t\t\t\t<\/div>[\/vc_column][\/vc_row][vc_column][vc_column_text]<br \/>\n[\/vc_column_text][\/vc_column]<\/p>\n<\/div>","protected":false},"excerpt":{"rendered":"<p>[vc_row bg_parallax=&#8221;off&#8221; bg_slider=&#8221;off&#8221; bg_slider_size=&#8221;full&#8221;][vc_column width=&#8221;1\/3&#8243; css=&#8221;.vc_custom_1443629436586{border-right-width: 2px !important;border-right-color: #515151 !important;border-right-style: solid !important;}&#8221;][\/vc_column][vc_column width=&#8221;1\/3&#8243; css=&#8221;.vc_custom_1443629705297{border-right-width: 2px !important;border-right-color: #606060 !important;border-right-style: solid !important;}&#8221;][\/vc_column][vc_column width=&#8221;1\/3&#8243;][\/vc_column][\/vc_row][vc_column][vc_column_text] [\/vc_column_text][\/vc_column]<\/p>\n","protected":false},"author":1,"featured_media":0,"parent":0,"menu_order":0,"comment_status":"closed","ping_status":"closed","template":"","meta":[],"_links":{"self":[{"href":"https:\/\/www.muzsik.hu\/index.php\/wp-json\/wp\/v2\/pages\/14"}],"collection":[{"href":"https:\/\/www.muzsik.hu\/index.php\/wp-json\/wp\/v2\/pages"}],"about":[{"href":"https:\/\/www.muzsik.hu\/index.php\/wp-json\/wp\/v2\/types\/page"}],"author":[{"embeddable":true,"href":"https:\/\/www.muzsik.hu\/index.php\/wp-json\/wp\/v2\/users\/1"}],"replies":[{"embeddable":true,"href":"https:\/\/www.muzsik.hu\/index.php\/wp-json\/wp\/v2\/comments?post=14"}],"version-history":[{"count":13,"href":"https:\/\/www.muzsik.hu\/index.php\/wp-json\/wp\/v2\/pages\/14\/revisions"}],"predecessor-version":[{"id":2242,"href":"https:\/\/www.muzsik.hu\/index.php\/wp-json\/wp\/v2\/pages\/14\/revisions\/2242"}],"wp:attachment":[{"href":"https:\/\/www.muzsik.hu\/index.php\/wp-json\/wp\/v2\/media?parent=14"}],"curies":[{"name":"wp","href":"https:\/\/api.w.org\/{rel}","templated":true}]}}